{"id":1508,"date":"2017-07-26T21:17:34","date_gmt":"2017-07-26T19:17:34","guid":{"rendered":"http:\/\/knieps.net\/?page_id=1508"},"modified":"2022-02-08T17:27:21","modified_gmt":"2022-02-08T15:27:21","slug":"smf","status":"publish","type":"page","link":"https:\/\/knieps.net\/?page_id=1508","title":{"rendered":"SMF 2019"},"content":{"rendered":"<h1>F\u00fcr die Mitglieder des Tangoorchesters vom <a href=\"http:\/\/www.sommermusikfest.de\">Sommermusikfest<\/a><\/h1>\n<p>Vielen Dank Andr\u00e9, f\u00fcr Deine Aufnahmen!<\/p>\n<div class=\"wp-playlist wp-audio-playlist wp-playlist-light\">\n\t\t\t<div class=\"wp-playlist-current-item\"><\/div>\n\t\t<audio controls=\"controls\" preload=\"none\" width=\"562\"\n\t\t\t><\/audio>\n\t<div class=\"wp-playlist-next\"><\/div>\n\t<div class=\"wp-playlist-prev\"><\/div>\n\t<noscript>\n\t<ol>\n\t\t<li><a href='https:\/\/knieps.net\/wp-content\/uploads\/2019\/09\/Tangoorchester-2019-01-El-Choclo.mp3'>Tangoorchester-2019-01-El-Choclo<\/a><\/li><li><a href='https:\/\/knieps.net\/wp-content\/uploads\/2019\/09\/Tangoorchester-2019-02-Gran-Muneca.mp3'>Tangoorchester-2019-02-Gran-Muneca<\/a><\/li><li><a href='https:\/\/knieps.net\/wp-content\/uploads\/2019\/09\/Tangoorchester-2019-03-Nostalgias.mp3'>Tangoorchester-2019-03-Nostalgias<\/a><\/li><li><a href='https:\/\/knieps.net\/wp-content\/uploads\/2019\/09\/Tangoorchester-2019-04-Ich-hab-kein-Heimatland-1.mp3'>Ich hab kein Heimatland<\/a><\/li><li><a href='https:\/\/knieps.net\/wp-content\/uploads\/2019\/09\/Tangoorchester-2019-05-Tango-to-Evora-1.mp3'>Tango to Evora<\/a><\/li><li><a href='https:\/\/knieps.net\/wp-content\/uploads\/2019\/09\/Tangoorchester-2019-06-Invierno-porteno-1.mp3'>Invierno porteno<\/a><\/li><li><a href='https:\/\/knieps.net\/wp-content\/uploads\/2019\/09\/Tangoorchester-2019-07-Adios-Nonino-1.mp3'>Adios Nonino<\/a><\/li><li><a href='https:\/\/knieps.net\/wp-content\/uploads\/2019\/09\/Tangoorchester-2019-08-La-Cumparsita-1.mp3'>La Cumparsita<\/a><\/li>\t<\/ol>\n\t<\/noscript>\n\t<script type=\"application\/json\" class=\"wp-playlist-script\">{\"type\":\"audio\",\"tracklist\":true,\"tracknumbers\":true,\"images\":false,\"artists\":true,\"tracks\":[{\"src\":\"https:\/\/knieps.net\/wp-content\/uploads\/2019\/09\/Tangoorchester-2019-01-El-Choclo.mp3\",\"type\":\"audio\/mpeg\",\"title\":\"Tangoorchester-2019-01-El-Choclo\",\"caption\":\"\",\"description\":\"\",\"meta\":{\"artist\":\"Tangoorchester SMF\",\"album\":\"Sommermusikfest 2019\",\"genre\":\"Tango\",\"year\":\"2019\",\"length_formatted\":\"4:45\"},\"image\":{\"src\":\"https:\/\/knieps.net\/wp-includes\/images\/media\/audio.svg\",\"width\":48,\"height\":64},\"thumb\":{\"src\":\"https:\/\/knieps.net\/wp-includes\/images\/media\/audio.svg\",\"width\":48,\"height\":64}},{\"src\":\"https:\/\/knieps.net\/wp-content\/uploads\/2019\/09\/Tangoorchester-2019-02-Gran-Muneca.mp3\",\"type\":\"audio\/mpeg\",\"title\":\"Tangoorchester-2019-02-Gran-Muneca\",\"caption\":\"\",\"description\":\"\",\"meta\":{\"artist\":\"Tangoorchester SMF\",\"album\":\"Sommermusikfest 2019\",\"genre\":\"Tango\",\"year\":\"2019\",\"length_formatted\":\"4:13\"},\"image\":{\"src\":\"https:\/\/knieps.net\/wp-includes\/images\/media\/audio.svg\",\"width\":48,\"height\":64},\"thumb\":{\"src\":\"https:\/\/knieps.net\/wp-includes\/images\/media\/audio.svg\",\"width\":48,\"height\":64}},{\"src\":\"https:\/\/knieps.net\/wp-content\/uploads\/2019\/09\/Tangoorchester-2019-03-Nostalgias.mp3\",\"type\":\"audio\/mpeg\",\"title\":\"Tangoorchester-2019-03-Nostalgias\",\"caption\":\"\",\"description\":\"\",\"meta\":{\"artist\":\"Tangoorchester SMF\",\"album\":\"Sommermusikfest 2019\",\"genre\":\"Tango\",\"year\":\"2019\",\"length_formatted\":\"5:36\"},\"image\":{\"src\":\"https:\/\/knieps.net\/wp-includes\/images\/media\/audio.svg\",\"width\":48,\"height\":64},\"thumb\":{\"src\":\"https:\/\/knieps.net\/wp-includes\/images\/media\/audio.svg\",\"width\":48,\"height\":64}},{\"src\":\"https:\/\/knieps.net\/wp-content\/uploads\/2019\/09\/Tangoorchester-2019-04-Ich-hab-kein-Heimatland-1.mp3\",\"type\":\"audio\/mpeg\",\"title\":\"Ich hab kein Heimatland\",\"caption\":\"\",\"description\":\"\\\"Ich hab kein Heimatland\\\" aus Sommermusikfest 2019 von Tangoorchester SMF. Ver\\u00f6ffentlicht: 2019. Genre: Tango.\",\"meta\":{\"artist\":\"Tangoorchester SMF\",\"album\":\"Sommermusikfest 2019\",\"genre\":\"Tango\",\"year\":\"2019\",\"length_formatted\":\"6:40\"},\"image\":{\"src\":\"https:\/\/knieps.net\/wp-includes\/images\/media\/audio.svg\",\"width\":48,\"height\":64},\"thumb\":{\"src\":\"https:\/\/knieps.net\/wp-includes\/images\/media\/audio.svg\",\"width\":48,\"height\":64}},{\"src\":\"https:\/\/knieps.net\/wp-content\/uploads\/2019\/09\/Tangoorchester-2019-05-Tango-to-Evora-1.mp3\",\"type\":\"audio\/mpeg\",\"title\":\"Tango to Evora\",\"caption\":\"\",\"description\":\"\\\"Tango to Evora\\\" aus Sommermusikfest 2019 von Tangoorchester SMF. Ver\\u00f6ffentlicht: 2019. Genre: Tango.\",\"meta\":{\"artist\":\"Tangoorchester SMF\",\"album\":\"Sommermusikfest 2019\",\"genre\":\"Tango\",\"year\":\"2019\",\"length_formatted\":\"7:25\"},\"image\":{\"src\":\"https:\/\/knieps.net\/wp-includes\/images\/media\/audio.svg\",\"width\":48,\"height\":64},\"thumb\":{\"src\":\"https:\/\/knieps.net\/wp-includes\/images\/media\/audio.svg\",\"width\":48,\"height\":64}},{\"src\":\"https:\/\/knieps.net\/wp-content\/uploads\/2019\/09\/Tangoorchester-2019-06-Invierno-porteno-1.mp3\",\"type\":\"audio\/mpeg\",\"title\":\"Invierno porteno\",\"caption\":\"\",\"description\":\"\\\"Invierno porteno\\\" aus Sommermusikfest 2019 von Tangoorchester SMF. Ver\\u00f6ffentlicht: 2019. Genre: Tango.\",\"meta\":{\"artist\":\"Tangoorchester SMF\",\"album\":\"Sommermusikfest 2019\",\"genre\":\"Tango\",\"year\":\"2019\",\"length_formatted\":\"3:26\"},\"image\":{\"src\":\"https:\/\/knieps.net\/wp-includes\/images\/media\/audio.svg\",\"width\":48,\"height\":64},\"thumb\":{\"src\":\"https:\/\/knieps.net\/wp-includes\/images\/media\/audio.svg\",\"width\":48,\"height\":64}},{\"src\":\"https:\/\/knieps.net\/wp-content\/uploads\/2019\/09\/Tangoorchester-2019-07-Adios-Nonino-1.mp3\",\"type\":\"audio\/mpeg\",\"title\":\"Adios Nonino\",\"caption\":\"\",\"description\":\"\\\"Adios Nonino\\\" aus Sommermusikfest 2019 von Tangoorchester SMF. Ver\\u00f6ffentlicht: 2019. Genre: Tango.\",\"meta\":{\"artist\":\"Tangoorchester SMF\",\"album\":\"Sommermusikfest 2019\",\"genre\":\"Tango\",\"year\":\"2019\",\"length_formatted\":\"5:17\"},\"image\":{\"src\":\"https:\/\/knieps.net\/wp-includes\/images\/media\/audio.svg\",\"width\":48,\"height\":64},\"thumb\":{\"src\":\"https:\/\/knieps.net\/wp-includes\/images\/media\/audio.svg\",\"width\":48,\"height\":64}},{\"src\":\"https:\/\/knieps.net\/wp-content\/uploads\/2019\/09\/Tangoorchester-2019-08-La-Cumparsita-1.mp3\",\"type\":\"audio\/mpeg\",\"title\":\"La Cumparsita\",\"caption\":\"\",\"description\":\"\\\"La Cumparsita\\\" aus Sommermusikfest 2019 von Tangoorchester SMF. Ver\\u00f6ffentlicht: 2019. Genre: Tango.\",\"meta\":{\"artist\":\"Tangoorchester SMF\",\"album\":\"Sommermusikfest 2019\",\"genre\":\"Tango\",\"year\":\"2019\",\"length_formatted\":\"5:32\"},\"image\":{\"src\":\"https:\/\/knieps.net\/wp-includes\/images\/media\/audio.svg\",\"width\":48,\"height\":64},\"thumb\":{\"src\":\"https:\/\/knieps.net\/wp-includes\/images\/media\/audio.svg\",\"width\":48,\"height\":64}}]}<\/script>\n<\/div>\n\t\n<p>Und vielen Dank an Bertram Baumgarten f\u00fcr seine tollen Bilder!<\/p>\n<div id=\"attachment_1590\" style=\"width: 594px\" class=\"wp-caption alignnone\"><a href=\"https:\/\/knieps.net\/wp-content\/uploads\/2019\/09\/DSCF9986.jpg\"><img loading=\"lazy\" decoding=\"async\" aria-describedby=\"caption-attachment-1590\" class=\"size-large wp-image-1590\" src=\"https:\/\/knieps.net\/wp-content\/uploads\/2019\/09\/DSCF9986-1024x683.jpg\" alt=\"\" width=\"584\" height=\"390\" srcset=\"https:\/\/knieps.net\/wp-content\/uploads\/2019\/09\/DSCF9986-1024x683.jpg 1024w, https:\/\/knieps.net\/wp-content\/uploads\/2019\/09\/DSCF9986-300x200.jpg 300w, https:\/\/knieps.net\/wp-content\/uploads\/2019\/09\/DSCF9986-768x512.jpg 768w, https:\/\/knieps.net\/wp-content\/uploads\/2019\/09\/DSCF9986-450x300.jpg 450w\" sizes=\"auto, (max-width: 584px) 100vw, 584px\" \/><\/a><p id=\"caption-attachment-1590\" class=\"wp-caption-text\">Tangoorchester SMF 2019<\/p><\/div>\n<div id=\"attachment_1589\" style=\"width: 594px\" class=\"wp-caption alignnone\"><a href=\"https:\/\/knieps.net\/wp-content\/uploads\/2019\/09\/DSCF0022.jpg\"><img loading=\"lazy\" decoding=\"async\" aria-describedby=\"caption-attachment-1589\" class=\"size-large wp-image-1589\" src=\"https:\/\/knieps.net\/wp-content\/uploads\/2019\/09\/DSCF0022-1024x683.jpg\" alt=\"\" width=\"584\" height=\"390\" srcset=\"https:\/\/knieps.net\/wp-content\/uploads\/2019\/09\/DSCF0022-1024x683.jpg 1024w, https:\/\/knieps.net\/wp-content\/uploads\/2019\/09\/DSCF0022-300x200.jpg 300w, https:\/\/knieps.net\/wp-content\/uploads\/2019\/09\/DSCF0022-768x512.jpg 768w, https:\/\/knieps.net\/wp-content\/uploads\/2019\/09\/DSCF0022-450x300.jpg 450w\" sizes=\"auto, (max-width: 584px) 100vw, 584px\" \/><\/a><p id=\"caption-attachment-1589\" class=\"wp-caption-text\">Tangoorchester SMF 2019<\/p><\/div>\n","protected":false},"excerpt":{"rendered":"<p>F\u00fcr die Mitglieder des Tangoorchesters vom Sommermusikfest Vielen Dank Andr\u00e9, f\u00fcr Deine Aufnahmen! Und vielen Dank an Bertram Baumgarten f\u00fcr seine tollen Bilder!<\/p>\n","protected":false},"author":1,"featured_media":0,"parent":0,"menu_order":0,"comment_status":"closed","ping_status":"closed","template":"","meta":{"footnotes":""},"class_list":["post-1508","page","type-page","status-publish","hentry"],"_links":{"self":[{"href":"https:\/\/knieps.net\/index.php?rest_route=\/wp\/v2\/pages\/1508","targetHints":{"allow":["GET"]}}],"collection":[{"href":"https:\/\/knieps.net\/index.php?rest_route=\/wp\/v2\/pages"}],"about":[{"href":"https:\/\/knieps.net\/index.php?rest_route=\/wp\/v2\/types\/page"}],"author":[{"embeddable":true,"href":"https:\/\/knieps.net\/index.php?rest_route=\/wp\/v2\/users\/1"}],"replies":[{"embeddable":true,"href":"https:\/\/knieps.net\/index.php?rest_route=%2Fwp%2Fv2%2Fcomments&post=1508"}],"version-history":[{"count":12,"href":"https:\/\/knieps.net\/index.php?rest_route=\/wp\/v2\/pages\/1508\/revisions"}],"predecessor-version":[{"id":1681,"href":"https:\/\/knieps.net\/index.php?rest_route=\/wp\/v2\/pages\/1508\/revisions\/1681"}],"wp:attachment":[{"href":"https:\/\/knieps.net\/index.php?rest_route=%2Fwp%2Fv2%2Fmedia&parent=1508"}],"curies":[{"name":"wp","href":"https:\/\/api.w.org\/{rel}","templated":true}]}}